{"id":1115,"date":"2024-05-24T02:16:56","date_gmt":"2024-05-24T02:16:56","guid":{"rendered":"https:\/\/ardoainstitute.com\/about\/"},"modified":"2024-11-14T15:42:32","modified_gmt":"2024-11-14T15:42:32","slug":"presentation","status":"publish","type":"page","link":"https:\/\/ardoainstitute.com\/fr\/presentation\/","title":{"rendered":"Pr\u00e9sentation"},"content":{"rendered":"\t\t<div data-elementor-type=\"wp-page\" data-elementor-id=\"1115\" class=\"elementor elementor-1115 elementor-16\">\n\t\t\t\t<div class=\"elementor-element elementor-element-2738740 e-flex e-con-boxed e-con e-parent\" data-id=\"2738740\" data-element_type=\"container\" data-settings=\"{&quot;background_background&quot;:&quot;classic&quot;}\">\n\t\t\t\t\t<div class=\"e-con-inner\">\n\t\t<div class=\"elementor-element elementor-element-44b02c6 e-con-full e-flex e-con e-child\" data-id=\"44b02c6\" data-element_type=\"container\">\n\t\t\t\t<div class=\"elementor-element elementor-element-7e8c8c3 elementor-widget elementor-widget-gva-heading-block\" data-id=\"7e8c8c3\" data-element_type=\"widget\" data-widget_type=\"gva-heading-block.default\">\n\t\t\t\t<div class=\"elementor-widget-container\">\n\t\t\t\t\t<div class=\"gva-element-gva-heading-block gva-element\">   <div class=\"align-left style-1 widget gsc-heading box-align-left auto-responsive\">\r\n      <div class=\"content-inner\">\r\n         \r\n                  \r\n           \r\n         \r\n                     <h2 class=\"title \">\r\n               <span>A Propos de ARDOA institute<\/span>\r\n            <\/h2>\r\n                  \r\n                     <div class=\"title-desc\">Apporter des \u00e9clairages sur les nouvelles dynamiques en Afrique de l'Oues<\/div>\r\n         \r\n         \r\n      <\/div>\r\n   <\/div>\r\n<\/div>\t\t\t\t<\/div>\n\t\t\t\t<\/div>\n\t\t\t\t<\/div>\n\t\t\t\t\t<\/div>\n\t\t\t\t<\/div>\n\t\t<div class=\"elementor-element elementor-element-35b98e82 e-con-full e-flex e-con e-parent\" data-id=\"35b98e82\" data-element_type=\"container\" data-settings=\"{&quot;background_background&quot;:&quot;classic&quot;}\">\n\t\t<div class=\"elementor-element elementor-element-57378854 e-con-full e-flex e-con e-child\" data-id=\"57378854\" data-element_type=\"container\" data-settings=\"{&quot;background_background&quot;:&quot;classic&quot;}\">\n\t\t\t\t<div class=\"elementor-element elementor-element-4148c638 elementor-widget elementor-widget-spacer\" data-id=\"4148c638\" data-element_type=\"widget\" data-widget_type=\"spacer.default\">\n\t\t\t\t<div class=\"elementor-widget-container\">\n\t\t\t\t\t\t\t<div class=\"elementor-spacer\">\n\t\t\t<div class=\"elementor-spacer-inner\"><\/div>\n\t\t<\/div>\n\t\t\t\t\t\t<\/div>\n\t\t\t\t<\/div>\n\t\t\t\t<\/div>\n\t\t<div class=\"elementor-element elementor-element-7625d4f5 e-con-full e-flex e-con e-child\" data-id=\"7625d4f5\" data-element_type=\"container\">\n\t\t<div class=\"elementor-element elementor-element-3598e99a col-contain-left e-flex e-con-boxed e-con e-child\" data-id=\"3598e99a\" data-element_type=\"container\">\n\t\t\t\t\t<div class=\"e-con-inner\">\n\t\t\t\t<div class=\"elementor-element elementor-element-418e5857 elementor-widget elementor-widget-gva-heading-block\" data-id=\"418e5857\" data-element_type=\"widget\" data-widget_type=\"gva-heading-block.default\">\n\t\t\t\t<div class=\"elementor-widget-container\">\n\t\t\t\t\t<div class=\"gva-element-gva-heading-block gva-element\">   <div class=\"align-left style-1 widget gsc-heading box-align-left auto-responsive\">\r\n      <div class=\"content-inner\">\r\n         \r\n                  \r\n         <div class=\"sub-title\"><span class=\"tagline\">qui sommes nous?<\/span><\/div>  \r\n         \r\n                     <h2 class=\"title \">\r\n               <span><em>Dr Abdoul Wahab Ciss\u00e9<\/em><br> \nCoordinateur R\u00e9gional\n<\/span>\r\n            <\/h2>\r\n                  \r\n                     <div class=\"title-desc\">Dr Ciss\u00e9 est dipl\u00f4m\u00e9 de sociologie et de science politique. Il a \u00e9t\u00e9 enseignant-associ\u00e9 en science politique \u00e0 l\u2019UCAO-IMES de Dakar, Senegal pendant 13 ans. Parall\u00e8lement, il a travaill\u00e9 comme expert au sein du think tank d\u00e9nomm\u00e9 Alliance pour Refonder la Gouvernance en Afrique(ARGA). Depuis plusieurs ann\u00e9es, il a \u00e9t\u00e9 membre de consortium de recherche attributaires de grants dans le cadre de l\u2019initiative de l\u2019UE Horizon 2020 au sein desquels il a particip\u00e9 \u00e0 la r\u00e9daction de projet et a supervis\u00e9 la recherche locale(Mali, Niger) dans le cadre de deux projets financ\u00e9s par l\u2019UE, \u00e0 savoir <a href=\"https:\/\/www.nupi.no\/en\/news\/eunpack-final-conference-synthesising-three-years-of-research-on-the-eu-s-crisis-response\">EUNPACK <\/a> et <a href=\"https:\/\/www.prevex-balkan-mena.eu\/\">PREVEX<\/a>  sous la coordination du <a href=\"https:\/www.nupi.no\">NUPI <\/a>  (Norvegian Institute of International Affairs<\/div>\r\n         \r\n         \r\n      <\/div>\r\n   <\/div>\r\n<\/div>\t\t\t\t<\/div>\n\t\t\t\t<\/div>\n\t\t<div class=\"elementor-element elementor-element-66b1de7e ml-0 e-flex e-con-boxed e-con e-child\" data-id=\"66b1de7e\" data-element_type=\"container\">\n\t\t\t\t\t<div class=\"e-con-inner\">\n\t\t<div class=\"elementor-element elementor-element-1758ec58 e-flex e-con-boxed e-con e-child\" data-id=\"1758ec58\" data-element_type=\"container\" data-settings=\"{&quot;background_background&quot;:&quot;classic&quot;}\">\n\t\t\t\t\t<div class=\"e-con-inner\">\n\t\t\t\t<div class=\"elementor-element elementor-element-2bded031 elementor-widget__width-auto elementor-widget elementor-widget-html\" data-id=\"2bded031\" data-element_type=\"widget\" data-widget_type=\"html.default\">\n\t\t\t\t<div class=\"elementor-widget-container\">\n\t\t\t\t\t<a class=\"btn-border-theme\" href=\"#\">\n    <span>Nos services<\/span>\n<\/a>\t\t\t\t<\/div>\n\t\t\t\t<\/div>\n\t\t\t\t<div class=\"elementor-element elementor-element-76d2346 elementor-widget__width-auto elementor-invisible elementor-widget elementor-widget-html\" data-id=\"76d2346\" data-element_type=\"widget\" data-settings=\"{&quot;_animation&quot;:&quot;fadeInLeft&quot;,&quot;_animation_delay&quot;:1000}\" data-widget_type=\"html.default\">\n\t\t\t\t<div class=\"elementor-widget-container\">\n\t\t\t\t\t<a class=\"btn-theme\" href=\"#\">\n    <span>Contatez-nous<\/span>\n<\/a>\t\t\t\t<\/div>\n\t\t\t\t<\/div>\n\t\t\t\t\t<\/div>\n\t\t\t\t<\/div>\n\t\t\t\t\t<\/div>\n\t\t\t\t<\/div>\n\t\t\t\t\t<\/div>\n\t\t\t\t<\/div>\n\t\t\t\t<\/div>\n\t\t\t\t<\/div>\n\t\t<div class=\"elementor-element elementor-element-02dfb9a e-con-full e-flex e-con e-parent\" data-id=\"02dfb9a\" data-element_type=\"container\" data-settings=\"{&quot;background_background&quot;:&quot;classic&quot;}\">\n\t\t<div class=\"elementor-element elementor-element-e1ec9a0 e-con-full e-flex e-con e-child\" data-id=\"e1ec9a0\" data-element_type=\"container\">\n\t\t<div class=\"elementor-element elementor-element-b6ddbd8 col-contain-left e-flex e-con-boxed e-con e-child\" data-id=\"b6ddbd8\" data-element_type=\"container\">\n\t\t\t\t\t<div class=\"e-con-inner\">\n\t\t\t\t<div class=\"elementor-element elementor-element-dcb476c elementor-widget elementor-widget-gva-heading-block\" data-id=\"dcb476c\" data-element_type=\"widget\" data-widget_type=\"gva-heading-block.default\">\n\t\t\t\t<div class=\"elementor-widget-container\">\n\t\t\t\t\t<div class=\"gva-element-gva-heading-block gva-element\">   <div class=\"align-left style-1 widget gsc-heading box-align-left auto-responsive\">\r\n      <div class=\"content-inner\">\r\n         \r\n                  \r\n           \r\n         \r\n                     <h2 class=\"title \">\r\n               <span>R\u00e9alisations en mati\u00e8re de recherche sur le plan  international<\/span>\r\n            <\/h2>\r\n                  \r\n                     <div class=\"title-desc\">Dr Ciss\u00e9 a \u00e9galement fait de la recherche appliqu\u00e9e en participant \u00e0 d\u2019autres projets de recherche qui ont tous d\u00e9bouch\u00e9 sur des publications.  Parmi ces autres projets de recherche, on peut citer celui sur la  <a href=\"https:\/\/www.nupi.no\/en\/projects-centers\/strengthening-fragile-states-through-taxation\">fiscalit\u00e9 dans les Etats dits fragiles<\/a>, celui sur la<a href=\"https:\/\/www.nupi.no\/en\/projects-centers\/fragile-states-and-violent-entrepreneurs-conflict-climate-refugees\"> gouvernance jihadiste dans le Sahel <\/a>, celui sur les entrepreneurs de la violence au Sahel, celui sur les  <a href=\"https:\/\/www.nupi.no\/en\/projects-centers\/hybrid-paths-to-resistance-in-the-muslim-world-iraq-lebanon-libya-and-mali\"> dynamiques de r\u00e9sistance dans le monde islamique<\/a>. On peut aussi citer le projet de recherche sur le partage d\u2019exp\u00e9riences en mati\u00e8re d\u2019am\u00e9lioration de la mobilisation des ressources (recettes, imp\u00f4t etc.) dans diff\u00e9rents pays <\/div>\r\n         \r\n         \r\n      <\/div>\r\n   <\/div>\r\n<\/div>\t\t\t\t<\/div>\n\t\t\t\t<\/div>\n\t\t<div class=\"elementor-element elementor-element-bcd2d3d ml-0 e-flex e-con-boxed e-con e-child\" data-id=\"bcd2d3d\" data-element_type=\"container\">\n\t\t\t\t\t<div class=\"e-con-inner\">\n\t\t\t\t\t<\/div>\n\t\t\t\t<\/div>\n\t\t\t\t\t<\/div>\n\t\t\t\t<\/div>\n\t\t\t\t<\/div>\n\t\t<div class=\"elementor-element elementor-element-e516f62 e-con-full e-flex e-con e-child\" data-id=\"e516f62\" data-element_type=\"container\">\n\t\t<div class=\"elementor-element elementor-element-ad30f35 col-contain-left e-flex e-con-boxed e-con e-child\" data-id=\"ad30f35\" data-element_type=\"container\">\n\t\t\t\t\t<div class=\"e-con-inner\">\n\t\t\t\t<div class=\"elementor-element elementor-element-ba2487f elementor-widget elementor-widget-gva-heading-block\" data-id=\"ba2487f\" data-element_type=\"widget\" data-widget_type=\"gva-heading-block.default\">\n\t\t\t\t<div class=\"elementor-widget-container\">\n\t\t\t\t\t<div class=\"gva-element-gva-heading-block gva-element\">   <div class=\"align-left style-1 widget gsc-heading box-align-left auto-responsive\">\r\n      <div class=\"content-inner\">\r\n         \r\n                  \r\n           \r\n         \r\n                  \r\n                     <div class=\"title-desc\">Dans le cadre d\u2019autres partenariats, Dr Ciss\u00e9 a particip\u00e9 \u00e0 la conception et \u00e0 la r\u00e9alisation d\u2019une recherche sur la politique migratoire de l\u2019UE au Sahel \u00e0 travers le prisme de la loi anti-migrant vot\u00e9e au Niger, financ\u00e9e par la <a href=\"https:\/\/www.fafo.no\/index.php\/en\/\">fondation  FaFo<\/a>. Une analyse des cons\u00e9quences du vote de la loi sur l\u2019\u00e9conomie locale de la ville d\u2019Agadez a \u00e9t\u00e9 faite \u00e0 l\u2019aide d\u2019entretiens de terrain par Dr Ciss\u00e9 et son \u00e9quipe d\u2019enqu\u00eateurs locaux. <\/div>\r\n         \r\n         \r\n      <\/div>\r\n   <\/div>\r\n<\/div>\t\t\t\t<\/div>\n\t\t\t\t<\/div>\n\t\t<div class=\"elementor-element elementor-element-13cf767 ml-0 e-flex e-con-boxed e-con e-child\" data-id=\"13cf767\" data-element_type=\"container\">\n\t\t\t\t\t<div class=\"e-con-inner\">\n\t\t\t\t\t<\/div>\n\t\t\t\t<\/div>\n\t\t\t\t\t<\/div>\n\t\t\t\t<\/div>\n\t\t\t\t<\/div>\n\t\t\t\t<\/div>\n\t\t<div class=\"elementor-element elementor-element-16f90d91 e-flex e-con-boxed e-con e-parent\" data-id=\"16f90d91\" data-element_type=\"container\">\n\t\t\t\t\t<div class=\"e-con-inner\">\n\t\t<div class=\"elementor-element elementor-element-74ad18b7 e-con-full e-flex e-con e-child\" data-id=\"74ad18b7\" data-element_type=\"container\">\n\t\t\t\t<div class=\"elementor-element elementor-element-6e702357 elementor-widget elementor-widget-gva-image-content\" data-id=\"6e702357\" data-element_type=\"widget\" data-widget_type=\"gva-image-content.default\">\n\t\t\t\t<div class=\"elementor-widget-container\">\n\t\t\t\t\t<div class=\"gva-element-gva-image-content gva-element\">\t\t\r\n\t  \r\n\t \r\n\r\n\t \r\n\r\n\t\t\t<div class=\"about-three__single\">\r\n\t\t  \t<div class=\"about-three__image\"><div class=\"content-inner\"><img decoding=\"async\" src=\"https:\/\/ardoainstitute.com\/wp-content\/uploads\/2024\/08\/work4.jpg\" alt=\"\" \/><\/div><\/div><div class=\"about-three__image-second\"><div class=\"content-inner\"><img decoding=\"async\" src=\"https:\/\/ardoainstitute.com\/wp-content\/uploads\/2024\/08\/work1.jpg\" alt=\"\" \/><\/div><\/div>\t\t<\/div>\r\n\t\r\n\t \r\n  \r\n \r\n\r\n  \r\n \r\n\r\n \r\n\t<\/div>\t\t\t\t<\/div>\n\t\t\t\t<\/div>\n\t\t\t\t<\/div>\n\t\t<div class=\"elementor-element elementor-element-1c3413da e-con-full e-flex e-con e-child\" data-id=\"1c3413da\" data-element_type=\"container\">\n\t\t\t\t<div class=\"elementor-element elementor-element-4088f030 elementor-widget elementor-widget-gva-heading-block\" data-id=\"4088f030\" data-element_type=\"widget\" data-widget_type=\"gva-heading-block.default\">\n\t\t\t\t<div class=\"elementor-widget-container\">\n\t\t\t\t\t<div class=\"gva-element-gva-heading-block gva-element\">   <div class=\"align-left style-1 widget gsc-heading box-align-left auto-responsive\">\r\n      <div class=\"content-inner\">\r\n         \r\n                  \r\n           \r\n         \r\n                     <h2 class=\"title \">\r\n               <span>Activit\u00e9s de recherche <em>au S\u00e9n\u00e9gal<\/em> <\/span>\r\n            <\/h2>\r\n                  \r\n         \r\n         \r\n      <\/div>\r\n   <\/div>\r\n<\/div>\t\t\t\t<\/div>\n\t\t\t\t<\/div>\n\t\t\t\t<div class=\"elementor-element elementor-element-2f894982 elementor-widget elementor-widget-text-editor\" data-id=\"2f894982\" data-element_type=\"widget\" data-widget_type=\"text-editor.default\">\n\t\t\t\t<div class=\"elementor-widget-container\">\n\t\t\t\t\t\t\t\t\t<p>Au Senegal, une des plus r\u00e9centes activit\u00e9s de recherche du Dr Ciss\u00e9 a \u00e9t\u00e9 l\u2019\u00e9tude sur les mouvements citoyens au Senegal dans le contexte de la limitation des mandats suite \u00e0 un appel d&rsquo;offre du NDI (National Democratic Institute).<\/p>\t\t\t\t\t\t\t\t<\/div>\n\t\t\t\t<\/div>\n\t\t\t\t<div class=\"elementor-element elementor-element-57b9e3ab elementor-widget-divider--view-line elementor-widget elementor-widget-divider\" data-id=\"57b9e3ab\" data-element_type=\"widget\" data-widget_type=\"divider.default\">\n\t\t\t\t<div class=\"elementor-widget-container\">\n\t\t\t\t\t\t\t<div class=\"elementor-divider\">\n\t\t\t<span class=\"elementor-divider-separator\">\n\t\t\t\t\t\t<\/span>\n\t\t<\/div>\n\t\t\t\t\t\t<\/div>\n\t\t\t\t<\/div>\n\t\t\t\t<div class=\"elementor-element elementor-element-39bb717d elementor-widget elementor-widget-text-editor\" data-id=\"39bb717d\" data-element_type=\"widget\" data-widget_type=\"text-editor.default\">\n\t\t\t\t<div class=\"elementor-widget-container\">\n\t\t\t\t\t\t\t\t\t<p>Auparavant, en collaboration avec le CEARG(Centre d\u2019Etude et de Recherche sur la Gouvernance) du Pr Babacar Gu\u00e8ye, Dr Abdoul Wahab Ciss\u00e9 a particip\u00e9 aux \u00e9tudes suivantes\u00a0:<\/p>\t\t\t\t\t\t\t\t<\/div>\n\t\t\t\t<\/div>\n\t\t\t\t<div class=\"elementor-element elementor-element-fbc95fa elementor-icon-list--layout-traditional elementor-list-item-link-full_width elementor-widget elementor-widget-icon-list\" data-id=\"fbc95fa\" data-element_type=\"widget\" data-widget_type=\"icon-list.default\">\n\t\t\t\t<div class=\"elementor-widget-container\">\n\t\t\t\t\t\t\t<ul class=\"elementor-icon-list-items\">\n\t\t\t\t\t\t\t<li class=\"elementor-icon-list-item\">\n\t\t\t\t\t\t\t\t\t\t\t<span class=\"elementor-icon-list-icon\">\n\t\t\t\t\t\t\t<i aria-hidden=\"true\" class=\" cicon-checkmark-1\"><\/i>\t\t\t\t\t\t<\/span>\n\t\t\t\t\t\t\t\t\t\t<span class=\"elementor-icon-list-text\">the cost of politics, in partnership with Westminister Foundation for Democracy (WFD);<\/span>\n\t\t\t\t\t\t\t\t\t<\/li>\n\t\t\t\t\t\t\t\t<li class=\"elementor-icon-list-item\">\n\t\t\t\t\t\t\t\t\t\t\t<span class=\"elementor-icon-list-icon\">\n\t\t\t\t\t\t\t<i aria-hidden=\"true\" class=\" cicon-checkmark-1\"><\/i>\t\t\t\t\t\t<\/span>\n\t\t\t\t\t\t\t\t\t\t<span class=\"elementor-icon-list-text\">la contribution des collectivit\u00e9s locales \u00e0 la paix et \u00e0 la s\u00e9curit\u00e9 en Afrique de l\u2019Ouest, en partenariat avec l\u2019UNOWAS-CERAG <\/span>\n\t\t\t\t\t\t\t\t\t<\/li>\n\t\t\t\t\t\t\t\t<li class=\"elementor-icon-list-item\">\n\t\t\t\t\t\t\t\t\t\t\t<span class=\"elementor-icon-list-icon\">\n\t\t\t\t\t\t\t<i aria-hidden=\"true\" class=\" cicon-checkmark-1\"><\/i>\t\t\t\t\t\t<\/span>\n\t\t\t\t\t\t\t\t\t\t<span class=\"elementor-icon-list-text\">la gouvernance des intrants agricoles, OSIWA-CERAG<\/span>\n\t\t\t\t\t\t\t\t\t<\/li>\n\t\t\t\t\t\t<\/ul>\n\t\t\t\t\t\t<\/div>\n\t\t\t\t<\/div>\n\t\t\t\t<div class=\"elementor-element elementor-element-0957ce9 elementor-widget elementor-widget-gva-heading-block\" data-id=\"0957ce9\" data-element_type=\"widget\" data-widget_type=\"gva-heading-block.default\">\n\t\t\t\t<div class=\"elementor-widget-container\">\n\t\t\t\t\t<div class=\"gva-element-gva-heading-block gva-element\">   <div class=\"align-left style-1 widget gsc-heading box-align-left auto-responsive\">\r\n      <div class=\"content-inner\">\r\n         \r\n                  \r\n           \r\n         \r\n                  \r\n                     <div class=\"title-desc\">Enfin Dr Ciss\u00e9 a conduit diff\u00e9rentes \u00e9valuations de projets aussi bien au S\u00e9n\u00e9gal qu\u2019au Burkina Faso. Il a \u00e9t\u00e9 aussi grants manager au d\u00e9partement Evaluation et Quality Assurance de l\u2019ONG am\u00e9ricaine  <a href=\"https:\/\/www.coloradocoalition.org\/\">Colorado Coalition for the Homeless<\/a>  \u00e0 Denver, Colorado.  <\/div>\r\n         \r\n         \r\n      <\/div>\r\n   <\/div>\r\n<\/div>\t\t\t\t<\/div>\n\t\t\t\t<\/div>\n\t\t\t\t<\/div>\n\t\t\t\t\t<\/div>\n\t\t\t\t<\/div>\n\t\t<div class=\"elementor-element elementor-element-c6c4473 e-flex e-con-boxed e-con e-parent\" data-id=\"c6c4473\" data-element_type=\"container\">\n\t\t\t\t\t<div class=\"e-con-inner\">\n\t\t<div class=\"elementor-element elementor-element-63755df e-con-full e-flex e-con e-child\" data-id=\"63755df\" data-element_type=\"container\">\n\t\t\t\t<div class=\"elementor-element elementor-element-027b983 elementor-widget elementor-widget-gva-heading-block\" data-id=\"027b983\" data-element_type=\"widget\" data-widget_type=\"gva-heading-block.default\">\n\t\t\t\t<div class=\"elementor-widget-container\">\n\t\t\t\t\t<div class=\"gva-element-gva-heading-block gva-element\">   <div class=\"align-left style-1 widget gsc-heading box-align-left auto-responsive\">\r\n      <div class=\"content-inner\">\r\n         \r\n                  \r\n           \r\n         \r\n                     <h2 class=\"title \">\r\n               <span>Membres du Conseil de ARDOA:<\/span>\r\n            <\/h2>\r\n                  \r\n         \r\n         \r\n      <\/div>\r\n   <\/div>\r\n<\/div>\t\t\t\t<\/div>\n\t\t\t\t<\/div>\n\t\t\t\t<div class=\"elementor-element elementor-element-985a9ab elementor-icon-list--layout-traditional elementor-list-item-link-full_width elementor-widget elementor-widget-icon-list\" data-id=\"985a9ab\" data-element_type=\"widget\" data-widget_type=\"icon-list.default\">\n\t\t\t\t<div class=\"elementor-widget-container\">\n\t\t\t\t\t\t\t<ul class=\"elementor-icon-list-items\">\n\t\t\t\t\t\t\t<li class=\"elementor-icon-list-item\">\n\t\t\t\t\t\t\t\t\t\t\t<span class=\"elementor-icon-list-icon\">\n\t\t\t\t\t\t\t<i aria-hidden=\"true\" class=\" cicon-checkmark-1\"><\/i>\t\t\t\t\t\t<\/span>\n\t\t\t\t\t\t\t\t\t\t<span class=\"elementor-icon-list-text\">Dr Mar Fall, Sociologist, Writer, Bordeaux, France, President,<\/span>\n\t\t\t\t\t\t\t\t\t<\/li>\n\t\t\t\t\t\t\t\t<li class=\"elementor-icon-list-item\">\n\t\t\t\t\t\t\t\t\t\t\t<span class=\"elementor-icon-list-icon\">\n\t\t\t\t\t\t\t<i aria-hidden=\"true\" class=\" cicon-checkmark-1\"><\/i>\t\t\t\t\t\t<\/span>\n\t\t\t\t\t\t\t\t\t\t<span class=\"elementor-icon-list-text\">Dr Fatou Maria Dram\u00e9, Universit\u00e9 Gaston Berger(UGB), Research Director ENDA-Sant\u00e9, Senegal,<\/span>\n\t\t\t\t\t\t\t\t\t<\/li>\n\t\t\t\t\t\t\t\t<li class=\"elementor-icon-list-item\">\n\t\t\t\t\t\t\t\t\t\t\t<span class=\"elementor-icon-list-icon\">\n\t\t\t\t\t\t\t<i aria-hidden=\"true\" class=\" cicon-checkmark-1\"><\/i>\t\t\t\t\t\t<\/span>\n\t\t\t\t\t\t\t\t\t\t<span class=\"elementor-icon-list-text\">Pr Morten Boas, Adjunct Faculty, Norwegian Institute of International Relations(NUPI), Oslo, Norway<\/span>\n\t\t\t\t\t\t\t\t\t<\/li>\n\t\t\t\t\t\t\t\t<li class=\"elementor-icon-list-item\">\n\t\t\t\t\t\t\t\t\t\t\t<span class=\"elementor-icon-list-icon\">\n\t\t\t\t\t\t\t<i aria-hidden=\"true\" class=\" cicon-checkmark-1\"><\/i>\t\t\t\t\t\t<\/span>\n\t\t\t\t\t\t\t\t\t\t<span class=\"elementor-icon-list-text\">Pr Babacar Gu\u00e8ye, Professor Emeritus, Director, Institut Sup\u00e9rieur de Dakar, Senegal<\/span>\n\t\t\t\t\t\t\t\t\t<\/li>\n\t\t\t\t\t\t<\/ul>\n\t\t\t\t\t\t<\/div>\n\t\t\t\t<\/div>\n\t\t\t\t<\/div>\n\t\t<div class=\"elementor-element elementor-element-a897b49 e-con-full e-flex e-con e-child\" data-id=\"a897b49\" data-element_type=\"container\">\n\t\t\t\t<div class=\"elementor-element elementor-element-ea304df elementor-icon-list--layout-traditional elementor-list-item-link-full_width elementor-widget elementor-widget-icon-list\" data-id=\"ea304df\" data-element_type=\"widget\" data-widget_type=\"icon-list.default\">\n\t\t\t\t<div class=\"elementor-widget-container\">\n\t\t\t\t\t\t\t<ul class=\"elementor-icon-list-items\">\n\t\t\t\t\t\t\t<li class=\"elementor-icon-list-item\">\n\t\t\t\t\t\t\t\t\t\t\t<span class=\"elementor-icon-list-icon\">\n\t\t\t\t\t\t\t<i aria-hidden=\"true\" class=\" cicon-checkmark-1\"><\/i>\t\t\t\t\t\t<\/span>\n\t\t\t\t\t\t\t\t\t\t<span class=\"elementor-icon-list-text\">Dr Herman Yacouba, Nacambo, Director of the Caisse Nationale de S\u00e9curit\u00e9 Sociale, Ouagadougou, Burkina Faso<\/span>\n\t\t\t\t\t\t\t\t\t<\/li>\n\t\t\t\t\t\t\t\t<li class=\"elementor-icon-list-item\">\n\t\t\t\t\t\t\t\t\t\t\t<span class=\"elementor-icon-list-icon\">\n\t\t\t\t\t\t\t<i aria-hidden=\"true\" class=\" cicon-checkmark-1\"><\/i>\t\t\t\t\t\t<\/span>\n\t\t\t\t\t\t\t\t\t\t<span class=\"elementor-icon-list-text\">Germaine Ndour, Program and Award Advisor, International Rescue Comittee, Dakar, Senegal<\/span>\n\t\t\t\t\t\t\t\t\t<\/li>\n\t\t\t\t\t\t\t\t<li class=\"elementor-icon-list-item\">\n\t\t\t\t\t\t\t\t\t\t\t<span class=\"elementor-icon-list-icon\">\n\t\t\t\t\t\t\t<i aria-hidden=\"true\" class=\" cicon-checkmark-1\"><\/i>\t\t\t\t\t\t<\/span>\n\t\t\t\t\t\t\t\t\t\t<span class=\"elementor-icon-list-text\">Thierno Seydou Diop, Lobbyist, EU-Africa public affairs, Brussels, Senior Advisor at Africa Ventures Advisors(AVA) Geneva,<\/span>\n\t\t\t\t\t\t\t\t\t<\/li>\n\t\t\t\t\t\t\t\t<li class=\"elementor-icon-list-item\">\n\t\t\t\t\t\t\t\t\t\t\t<span class=\"elementor-icon-list-icon\">\n\t\t\t\t\t\t\t<i aria-hidden=\"true\" class=\" cicon-checkmark-1\"><\/i>\t\t\t\t\t\t<\/span>\n\t\t\t\t\t\t\t\t\t\t<span class=\"elementor-icon-list-text\">Pape Tahirou Kanoute, Director of ETDS, Ziguinchor, Senegal <\/span>\n\t\t\t\t\t\t\t\t\t<\/li>\n\t\t\t\t\t\t\t\t<li class=\"elementor-icon-list-item\">\n\t\t\t\t\t\t\t\t\t\t\t<span class=\"elementor-icon-list-icon\">\n\t\t\t\t\t\t\t<i aria-hidden=\"true\" class=\" cicon-checkmark-1\"><\/i>\t\t\t\t\t\t<\/span>\n\t\t\t\t\t\t\t\t\t\t<span class=\"elementor-icon-list-text\">Dr Ivan Crouzel, International Consultant, Seoul, South Korea<\/span>\n\t\t\t\t\t\t\t\t\t<\/li>\n\t\t\t\t\t\t<\/ul>\n\t\t\t\t\t\t<\/div>\n\t\t\t\t<\/div>\n\t\t\t\t<\/div>\n\t\t\t\t\t<\/div>\n\t\t\t\t<\/div>\n\t\t<div class=\"elementor-element elementor-element-2829f675 e-con-full e-flex e-con e-parent\" data-id=\"2829f675\" data-element_type=\"container\">\n\t\t<div class=\"elementor-element elementor-element-fc6ef76 e-con-full e-flex e-con e-child\" data-id=\"fc6ef76\" data-element_type=\"container\">\n\t\t<div class=\"elementor-element elementor-element-f7e5e07 e-flex e-con-boxed e-con e-child\" data-id=\"f7e5e07\" data-element_type=\"container\" data-settings=\"{&quot;background_background&quot;:&quot;gradient&quot;}\">\n\t\t\t\t\t<div class=\"e-con-inner\">\n\t\t<div class=\"elementor-element elementor-element-487c99f e-con-full e-flex e-con e-child\" data-id=\"487c99f\" data-element_type=\"container\">\n\t\t\t\t<div class=\"elementor-element elementor-element-88368f4 elementor-widget elementor-widget-heading\" data-id=\"88368f4\" data-element_type=\"widget\" data-widget_type=\"heading.default\">\n\t\t\t\t<div class=\"elementor-widget-container\">\n\t\t\t\t\t<h2 class=\"elementor-heading-title elementor-size-default\"><b>25 ans + <\/b> <em> \nd'experience<\/em><\/h2>\t\t\t\t<\/div>\n\t\t\t\t<\/div>\n\t\t\t\t<\/div>\n\t\t<div class=\"elementor-element elementor-element-374c9a5 e-con-full e-flex e-con e-child\" data-id=\"374c9a5\" data-element_type=\"container\">\n\t\t\t\t<div class=\"elementor-element elementor-element-9088505 elementor-widget elementor-widget-text-editor\" data-id=\"9088505\" data-element_type=\"widget\" data-widget_type=\"text-editor.default\">\n\t\t\t\t<div class=\"elementor-widget-container\">\n\t\t\t\t\t\t\t\t\t<p>Produire et diss\u00e9miner des connaissances afin de promouvoir une approche par le bas<\/p>\t\t\t\t\t\t\t\t<\/div>\n\t\t\t\t<\/div>\n\t\t\t\t<\/div>\n\t\t<div class=\"elementor-element elementor-element-0bb3ba0 e-con-full e-flex e-con e-child\" data-id=\"0bb3ba0\" data-element_type=\"container\">\n\t\t\t\t<div class=\"elementor-element elementor-element-4889f0f elementor-widget elementor-widget-text-editor\" data-id=\"4889f0f\" data-element_type=\"widget\" data-widget_type=\"text-editor.default\">\n\t\t\t\t<div class=\"elementor-widget-container\">\n\t\t\t\t\t\t\t\t\t<a class=\"btn-white\" href=\"https:\/\/ardoainstitute.com\/fr\/contact\/\">\nContactez-nous\n<\/a>\t\t\t\t\t\t\t\t<\/div>\n\t\t\t\t<\/div>\n\t\t\t\t<\/div>\n\t\t\t\t\t<\/div>\n\t\t\t\t<\/div>\n\t\t\t\t<\/div>\n\t\t\t\t<\/div>\n\t\t<div class=\"elementor-element elementor-element-d45a049 e-flex e-con-boxed e-con e-parent\" data-id=\"d45a049\" data-element_type=\"container\">\n\t\t\t\t\t<div class=\"e-con-inner\">\n\t\t<div class=\"elementor-element elementor-element-0b63e19 e-con-full e-flex e-con e-child\" data-id=\"0b63e19\" data-element_type=\"container\">\n\t\t\t\t<div class=\"elementor-element elementor-element-f1eab43 elementor-widget elementor-widget-gva-heading-block\" data-id=\"f1eab43\" data-element_type=\"widget\" data-widget_type=\"gva-heading-block.default\">\n\t\t\t\t<div class=\"elementor-widget-container\">\n\t\t\t\t\t<div class=\"gva-element-gva-heading-block gva-element\">   <div class=\"align-left style-1 widget gsc-heading box-align-left auto-responsive\">\r\n      <div class=\"content-inner\">\r\n         \r\n                  \r\n           \r\n         \r\n                     <h2 class=\"title \">\r\n               <span>Collaborateurs-Pays<\/span>\r\n            <\/h2>\r\n                  \r\n         \r\n         \r\n      <\/div>\r\n   <\/div>\r\n<\/div>\t\t\t\t<\/div>\n\t\t\t\t<\/div>\n\t\t\t\t<div class=\"elementor-element elementor-element-45890b4 elementor-icon-list--layout-traditional elementor-list-item-link-full_width elementor-widget elementor-widget-icon-list\" data-id=\"45890b4\" data-element_type=\"widget\" data-widget_type=\"icon-list.default\">\n\t\t\t\t<div class=\"elementor-widget-container\">\n\t\t\t\t\t\t\t<ul class=\"elementor-icon-list-items\">\n\t\t\t\t\t\t\t<li class=\"elementor-icon-list-item\">\n\t\t\t\t\t\t\t\t\t\t\t<span class=\"elementor-icon-list-icon\">\n\t\t\t\t\t\t\t<i aria-hidden=\"true\" class=\" cicon-checkmark-1\"><\/i>\t\t\t\t\t\t<\/span>\n\t\t\t\t\t\t\t\t\t\t<span class=\"elementor-icon-list-text\">Senegal :  - Augustin Faye, Khadidiatou Diakhat\u00e9<\/span>\n\t\t\t\t\t\t\t\t\t<\/li>\n\t\t\t\t\t\t\t\t<li class=\"elementor-icon-list-item\">\n\t\t\t\t\t\t\t\t\t\t\t<span class=\"elementor-icon-list-icon\">\n\t\t\t\t\t\t\t<i aria-hidden=\"true\" class=\" cicon-checkmark-1\"><\/i>\t\t\t\t\t\t<\/span>\n\t\t\t\t\t\t\t\t\t\t<span class=\"elementor-icon-list-text\">Mali : Yehya Maiga, Modibo Sawadogo<\/span>\n\t\t\t\t\t\t\t\t\t<\/li>\n\t\t\t\t\t\t<\/ul>\n\t\t\t\t\t\t<\/div>\n\t\t\t\t<\/div>\n\t\t\t\t<\/div>\n\t\t<div class=\"elementor-element elementor-element-bda36db e-con-full e-flex e-con e-child\" data-id=\"bda36db\" data-element_type=\"container\">\n\t\t\t\t<div class=\"elementor-element elementor-element-55e3514 elementor-icon-list--layout-traditional elementor-list-item-link-full_width elementor-widget elementor-widget-icon-list\" data-id=\"55e3514\" data-element_type=\"widget\" data-widget_type=\"icon-list.default\">\n\t\t\t\t<div class=\"elementor-widget-container\">\n\t\t\t\t\t\t\t<ul class=\"elementor-icon-list-items\">\n\t\t\t\t\t\t\t<li class=\"elementor-icon-list-item\">\n\t\t\t\t\t\t\t\t\t\t\t<span class=\"elementor-icon-list-icon\">\n\t\t\t\t\t\t\t<i aria-hidden=\"true\" class=\" cicon-checkmark-1\"><\/i>\t\t\t\t\t\t<\/span>\n\t\t\t\t\t\t\t\t\t\t<span class=\"elementor-icon-list-text\">Burkina Faso : Salif Ou\u00e9draogo, Souleymane Zorome<\/span>\n\t\t\t\t\t\t\t\t\t<\/li>\n\t\t\t\t\t\t\t\t<li class=\"elementor-icon-list-item\">\n\t\t\t\t\t\t\t\t\t\t\t<span class=\"elementor-icon-list-icon\">\n\t\t\t\t\t\t\t<i aria-hidden=\"true\" class=\" cicon-checkmark-1\"><\/i>\t\t\t\t\t\t<\/span>\n\t\t\t\t\t\t\t\t\t\t<span class=\"elementor-icon-list-text\">Niger : Laouali Mahamane, Nouridine Rabiou,<\/span>\n\t\t\t\t\t\t\t\t\t<\/li>\n\t\t\t\t\t\t\t\t<li class=\"elementor-icon-list-item\">\n\t\t\t\t\t\t\t\t\t\t\t<span class=\"elementor-icon-list-icon\">\n\t\t\t\t\t\t\t<i aria-hidden=\"true\" class=\" cicon-checkmark-1\"><\/i>\t\t\t\t\t\t<\/span>\n\t\t\t\t\t\t\t\t\t\t<span class=\"elementor-icon-list-text\">C\u00f4te d\u2019Ivoire : Dr Mafou Kouassi Kombo, Dr Abel Adjet, Adamadjan Keita<\/span>\n\t\t\t\t\t\t\t\t\t<\/li>\n\t\t\t\t\t\t\t\t<li class=\"elementor-icon-list-item\">\n\t\t\t\t\t\t\t\t\t\t\t<span class=\"elementor-icon-list-icon\">\n\t\t\t\t\t\t\t<i aria-hidden=\"true\" class=\" cicon-checkmark-1\"><\/i>\t\t\t\t\t\t<\/span>\n\t\t\t\t\t\t\t\t\t\t<span class=\"elementor-icon-list-text\">Guinea : Bineta Diallo<\/span>\n\t\t\t\t\t\t\t\t\t<\/li>\n\t\t\t\t\t\t<\/ul>\n\t\t\t\t\t\t<\/div>\n\t\t\t\t<\/div>\n\t\t\t\t<\/div>\n\t\t\t\t\t<\/div>\n\t\t\t\t<\/div>\n\t\t\t\t<\/div>\n\t\t","protected":false},"excerpt":{"rendered":"<p>A Propos de ARDOA institute Apporter des \u00e9clairages sur les nouvelles dynamiques en Afrique de l&rsquo;Oues qui sommes nous? Dr Abdoul Wahab Ciss\u00e9 Coordinateur R\u00e9gional Dr Ciss\u00e9 est dipl\u00f4m\u00e9 de sociologie et de science politique. Il a \u00e9t\u00e9 enseignant-associ\u00e9 en science politique \u00e0 l\u2019UCAO-IMES de Dakar, Senegal pendant 13 ans. Parall\u00e8lement, il a travaill\u00e9 comme [&hellip;]<\/p>\n","protected":false},"author":1,"featured_media":0,"parent":0,"menu_order":0,"comment_status":"closed","ping_status":"closed","template":"","meta":{"_monsterinsights_skip_tracking":false,"_monsterinsights_sitenote_active":false,"_monsterinsights_sitenote_note":"","_monsterinsights_sitenote_category":0,"_themeisle_gutenberg_block_has_review":false,"footnotes":""},"class_list":["post-1115","page","type-page","status-publish","hentry"],"_links":{"self":[{"href":"https:\/\/ardoainstitute.com\/fr\/wp-json\/wp\/v2\/pages\/1115"}],"collection":[{"href":"https:\/\/ardoainstitute.com\/fr\/wp-json\/wp\/v2\/pages"}],"about":[{"href":"https:\/\/ardoainstitute.com\/fr\/wp-json\/wp\/v2\/types\/page"}],"author":[{"embeddable":true,"href":"https:\/\/ardoainstitute.com\/fr\/wp-json\/wp\/v2\/users\/1"}],"replies":[{"embeddable":true,"href":"https:\/\/ardoainstitute.com\/fr\/wp-json\/wp\/v2\/comments?post=1115"}],"version-history":[{"count":57,"href":"https:\/\/ardoainstitute.com\/fr\/wp-json\/wp\/v2\/pages\/1115\/revisions"}],"predecessor-version":[{"id":1562,"href":"https:\/\/ardoainstitute.com\/fr\/wp-json\/wp\/v2\/pages\/1115\/revisions\/1562"}],"wp:attachment":[{"href":"https:\/\/ardoainstitute.com\/fr\/wp-json\/wp\/v2\/media?parent=1115"}],"curies":[{"name":"wp","href":"https:\/\/api.w.org\/{rel}","templated":true}]}}